{"id":538,"date":"2013-03-19T12:00:41","date_gmt":"2013-03-19T10:00:41","guid":{"rendered":"http:\/\/www.grundschule-heidgarten.de\/public_html\/?page_id=538"},"modified":"2016-12-09T12:20:08","modified_gmt":"2016-12-09T10:20:08","slug":"kinderkultur","status":"publish","type":"page","link":"https:\/\/www.grundschule-heidgarten.de\/public_html\/?page_id=538","title":{"rendered":"Kinderkultur"},"content":{"rendered":"<p><strong>Kinderkultur im Nachmittagsbereich der OGGS Heidgarten<\/strong><\/p>\n<p><span style=\"text-decoration: underline;\"><strong>Programmkino<\/strong><\/span><\/p>\n<p>Auf dem Abenteuerspielplatz Buntspecht finden regelm\u00e4\u00dfig Kinonachmittage statt. Das Programmkino richtet sich nach dem gemeinsamen Jahresthema des Abenteuerspielplatzes und des Ganztages aus.<\/p>\n<p>Projektthema 2016:<\/p>\n<p>&#8222;Lebenswelt Wasser &#8211; die Weltmeere&#8220;<\/p>\n<p>&nbsp;<\/p>\n<h4><span style=\"text-decoration: underline;\">Auff\u00fchrungen der vergangenen Jahre:<\/span><\/h4>\n<h1>Wo die Wilden Kerle wohnen<\/h1>\n<h1><img loading=\"lazy\" decoding=\"async\" class=\" alignleft\" src=\"http:\/\/www.figurentheater-neumond.de\/img_repertoire\/wilde_titel.jpg\" alt=\"Wo DIE WILDEN KERLE wohnen\" width=\"301\" height=\"201\" \/><\/h1>\n<p>&nbsp;<\/p>\n<p>Dies ist die Geschichte von Max,<br \/>\nder mit einem Boot zur Insel der wilden Kerle segelt,<br \/>\nsie mit nur einem Zaubertrick z\u00e4hmt und so zu ihrem K\u00f6nig wird.<\/p>\n<p>Leise und laute T\u00f6ne erz\u00e4hlen von Mut und Wut,<br \/>\nvom Unfug treiben und von der Kraft der Phantasie.<\/p>\n<p>Eine Auff\u00fchrung des Figurentheaters \u00bbNeumond\u00ab.<br \/>\nam Freitag, dem <strong>27.11.2015, 15 Uhr in der Pausenhalle der OGGS<\/strong>.<br \/>\nKinder ab 3 Jahre<\/p>\n<h1>\u00a0Gut so<\/h1>\n<p><img loading=\"lazy\" decoding=\"async\" class=\" wp-image-2306 alignleft\" src=\"https:\/\/www.grundschule-heidgarten.de\/public_html\/wp-content\/uploads\/Kindertheater-gut-so-300x168.jpg\" alt=\"Kindertheater gut so\" width=\"302\" height=\"169\" srcset=\"https:\/\/www.grundschule-heidgarten.de\/public_html\/wp-content\/uploads\/Kindertheater-gut-so-300x168.jpg 300w, https:\/\/www.grundschule-heidgarten.de\/public_html\/wp-content\/uploads\/Kindertheater-gut-so.jpg 994w\" sizes=\"auto, (max-width: 302px) 100vw, 302px\" \/>Gut so \u2013<\/p>\n<p>macht Mut, liebevoll mit sich und seinen eigenen Gef\u00fchlen umzugehen,<br \/>\nmacht Mut hinter die Fassaden des DU zu blicken,<br \/>\nist spannend inszeniert, mit einer wunderbar einfachen und bilderstarken Ausstattung.<br \/>\nDie sensibel agierenden Schauspieler spr\u00fchen vor Lebendigkeit.<br \/>\nEin Theatererlebnis!<\/p>\n<p>Pr\u00e4sentiert vom Theater Eukitea am 27.2.15 ab 10.00 Uhr in der Pausenhalle (Schulveranstaltung).<\/p>\n<p>&#8212;&#8212;&#8212;&#8212;&#8212;&#8212;&#8212;&#8212;&#8212;&#8212;&#8212;&#8212;&#8212;&#8212;&#8212;&#8212;&#8212;&#8212;&#8212;&#8212;&#8212;&#8212;&#8212;&#8212;&#8212;&#8212;&#8212;&#8212;&#8212;&#8212;&#8212;&#8212;&#8212;&#8212;-<\/p>\n<p><span style=\"text-decoration: underline;\">Vergangene Filmvorf\u00fchrungen:<\/span><\/p>\n<p><strong>&#8222;Findet Nemo&#8220;<\/strong><br \/>\nProgrammkino f\u00fcr Kinder ab 6 Jahren. Freitag, 15.01.2016 ab 14:00 Uhr.<\/p>\n<p><strong>&#8222;Dokumentation zu den Weltmeeren&#8220;<\/strong><br \/>\nProgrammkino f\u00fcr Kinder ab 6 Jahren. Freitag, 26.02.2016 ab 14:00 Uhr.<\/p>\n<p><strong>&#8222;Dschungelbuch&#8220;<\/strong><br \/>\nProgrammkino f\u00fcr Kinder ab 6 Jahren. Dienstag, 29.03.2016 ab 14:00 Uhr.<\/p>\n<h1>Whale rider<\/h1>\n<p><img loading=\"lazy\" decoding=\"async\" class=\" wp-image-2318 alignleft\" src=\"https:\/\/www.grundschule-heidgarten.de\/public_html\/wp-content\/uploads\/whale-rider-300x202.jpg\" alt=\"whale rider\" width=\"300\" height=\"202\" srcset=\"https:\/\/www.grundschule-heidgarten.de\/public_html\/wp-content\/uploads\/whale-rider-300x202.jpg 300w, https:\/\/www.grundschule-heidgarten.de\/public_html\/wp-content\/uploads\/whale-rider.jpg 484w\" sizes=\"auto, (max-width: 300px) 100vw, 300px\" \/><br \/>\nWhalerider erz\u00e4hlt die Geschichte eines M\u00e4dchens, das direkt in der H\u00e4uptlingslinie eines Maorie-Stammes geboren wird. Sehr zum Bedauern ihres Gro\u00dfvaters kommt sie nicht als Junge zur Welt. Es ist ein langer Weg f\u00fcr Kahu ihren Gro\u00dfvater von ihrer besonderen Kraft und ihren H\u00e4uptlingsf\u00e4higkeiten zu \u00fcberzeugen. Ebenso wie das Buch \u00fcberzeugt auch der Film gleichen Titels.<br \/>\nAm 2.2.2015 , ab 14.00 Uhr, ASP<\/p>\n<p>&nbsp;<\/p>\n","protected":false},"excerpt":{"rendered":"<p>Kinderkultur im Nachmittagsbereich der OGGS Heidgarten Programmkino Auf dem Abenteuerspielplatz Buntspecht finden regelm\u00e4\u00dfig Kinonachmittage statt. Das Programmkino richtet sich nach dem gemeinsamen Jahresthema des Abenteuerspielplatzes und des Ganztages aus. Projektthema 2016: &#8222;Lebenswelt Wasser &#8211; die Weltmeere&#8220; &nbsp; Auff\u00fchrungen der vergangenen Jahre: Wo die Wilden Kerle wohnen &nbsp; Dies ist die <span class=\"ellipsis\">&hellip;<\/span> <span class=\"more-link-wrap\"><a href=\"https:\/\/www.grundschule-heidgarten.de\/public_html\/?page_id=538\" class=\"more-link\"><span>Read more &rarr;<\/span><\/a><\/span><\/p>\n","protected":false},"author":21,"featured_media":0,"parent":24,"menu_order":12,"comment_status":"closed","ping_status":"closed","template":"","meta":{"footnotes":""},"class_list":["post-538","page","type-page","status-publish","hentry"],"_links":{"self":[{"href":"https:\/\/www.grundschule-heidgarten.de\/public_html\/index.php?rest_route=\/wp\/v2\/pages\/538","targetHints":{"allow":["GET"]}}],"collection":[{"href":"https:\/\/www.grundschule-heidgarten.de\/public_html\/index.php?rest_route=\/wp\/v2\/pages"}],"about":[{"href":"https:\/\/www.grundschule-heidgarten.de\/public_html\/index.php?rest_route=\/wp\/v2\/types\/page"}],"author":[{"embeddable":true,"href":"https:\/\/www.grundschule-heidgarten.de\/public_html\/index.php?rest_route=\/wp\/v2\/users\/21"}],"replies":[{"embeddable":true,"href":"https:\/\/www.grundschule-heidgarten.de\/public_html\/index.php?rest_route=%2Fwp%2Fv2%2Fcomments&post=538"}],"version-history":[{"count":61,"href":"https:\/\/www.grundschule-heidgarten.de\/public_html\/index.php?rest_route=\/wp\/v2\/pages\/538\/revisions"}],"predecessor-version":[{"id":3783,"href":"https:\/\/www.grundschule-heidgarten.de\/public_html\/index.php?rest_route=\/wp\/v2\/pages\/538\/revisions\/3783"}],"up":[{"embeddable":true,"href":"https:\/\/www.grundschule-heidgarten.de\/public_html\/index.php?rest_route=\/wp\/v2\/pages\/24"}],"wp:attachment":[{"href":"https:\/\/www.grundschule-heidgarten.de\/public_html\/index.php?rest_route=%2Fwp%2Fv2%2Fmedia&parent=538"}],"curies":[{"name":"wp","href":"https:\/\/api.w.org\/{rel}","templated":true}]}}